{"id":31,"date":"2023-08-28T18:42:35","date_gmt":"2023-08-28T21:42:35","guid":{"rendered":"https:\/\/acbmotta.com\/?page_id=31"},"modified":"2025-10-29T21:38:06","modified_gmt":"2025-10-30T00:38:06","slug":"acao-catolica-brasileira","status":"publish","type":"page","link":"https:\/\/acbmotta.com\/index.php\/acao-catolica-brasileira\/","title":{"rendered":"A\u00e7\u00e3o Cat\u00f3lica Brasileira e A\u00e7\u00e3o Integralista Brasileira"},"content":{"rendered":"\t\t<div data-elementor-type=\"wp-page\" data-elementor-id=\"31\" class=\"elementor elementor-31\">\n\t\t\t\t\t\t<section class=\"elementor-section elementor-top-section elementor-element elementor-element-6f018c3d elementor-section-boxed elementor-section-height-default elementor-section-height-default\" data-id=\"6f018c3d\" data-element_type=\"section\">\n\t\t\t\t\t\t<div class=\"elementor-container elementor-column-gap-default\">\n\t\t\t\t\t<div class=\"elementor-column elementor-col-100 elementor-top-column elementor-element elementor-element-3e62f83c\" data-id=\"3e62f83c\" data-element_type=\"column\">\n\t\t\t<div class=\"elementor-widget-wrap elementor-element-populated\">\n\t\t\t\t\t\t<div class=\"elementor-element elementor-element-5d6e5320 elementor-widget elementor-widget-spacer\" data-id=\"5d6e5320\" data-element_type=\"widget\" data-widget_type=\"spacer.default\">\n\t\t\t\t<div class=\"elementor-widget-container\">\n\t\t\t\t\t\t\t<div class=\"elementor-spacer\">\n\t\t\t<div class=\"elementor-spacer-inner\"><\/div>\n\t\t<\/div>\n\t\t\t\t\t\t<\/div>\n\t\t\t\t<\/div>\n\t\t\t\t\t<\/div>\n\t\t<\/div>\n\t\t\t\t\t<\/div>\n\t\t<\/section>\n\t\t\t\t<section class=\"elementor-section elementor-top-section elementor-element elementor-element-5c890dfd elementor-section-boxed elementor-section-height-default elementor-section-height-default\" data-id=\"5c890dfd\" data-element_type=\"section\">\n\t\t\t\t\t\t<div class=\"elementor-container elementor-column-gap-default\">\n\t\t\t\t\t<div class=\"elementor-column elementor-col-100 elementor-top-column elementor-element elementor-element-33877618\" data-id=\"33877618\" data-element_type=\"column\">\n\t\t\t<div class=\"elementor-widget-wrap elementor-element-populated\">\n\t\t\t\t\t\t<div class=\"elementor-element elementor-element-c7794cc elementor-widget elementor-widget-heading\" data-id=\"c7794cc\" data-element_type=\"widget\" data-widget_type=\"heading.default\">\n\t\t\t\t<div class=\"elementor-widget-container\">\n\t\t\t\t\t<h2 class=\"elementor-heading-title elementor-size-default\">A\u00e7\u00e3o Cat\u00f3lica Brasileira e A\u00e7\u00e3o Integralista Brasileira<\/h2>\t\t\t\t<\/div>\n\t\t\t\t<\/div>\n\t\t\t\t\t<\/div>\n\t\t<\/div>\n\t\t\t\t\t<\/div>\n\t\t<\/section>\n\t\t\t\t<section class=\"elementor-section elementor-top-section elementor-element elementor-element-50966ac elementor-section-boxed elementor-section-height-default elementor-section-height-default\" data-id=\"50966ac\" data-element_type=\"section\">\n\t\t\t\t\t\t<div class=\"elementor-container elementor-column-gap-default\">\n\t\t\t\t\t<div class=\"elementor-column elementor-col-100 elementor-top-column elementor-element elementor-element-d44512a\" data-id=\"d44512a\" data-element_type=\"column\">\n\t\t\t<div class=\"elementor-widget-wrap elementor-element-populated\">\n\t\t\t\t\t\t<div class=\"elementor-element elementor-element-3203363 elementor-absolute elementor-widget-divider--view-line elementor-widget elementor-widget-divider\" data-id=\"3203363\" data-element_type=\"widget\" data-settings=\"{&quot;_position&quot;:&quot;absolute&quot;}\" data-widget_type=\"divider.default\">\n\t\t\t\t<div class=\"elementor-widget-container\">\n\t\t\t\t\t\t\t<div class=\"elementor-divider\">\n\t\t\t<span class=\"elementor-divider-separator\">\n\t\t\t\t\t\t<\/span>\n\t\t<\/div>\n\t\t\t\t\t\t<\/div>\n\t\t\t\t<\/div>\n\t\t\t\t\t<\/div>\n\t\t<\/div>\n\t\t\t\t\t<\/div>\n\t\t<\/section>\n\t\t\t\t<section class=\"elementor-section elementor-top-section elementor-element elementor-element-1662a5a elementor-section-boxed elementor-section-height-default elementor-section-height-default\" data-id=\"1662a5a\" data-element_type=\"section\">\n\t\t\t\t\t\t<div class=\"elementor-container elementor-column-gap-default\">\n\t\t\t\t\t<div class=\"elementor-column elementor-col-100 elementor-top-column elementor-element elementor-element-271e10c\" data-id=\"271e10c\" data-element_type=\"column\">\n\t\t\t<div class=\"elementor-widget-wrap elementor-element-populated\">\n\t\t\t\t\t\t<div class=\"elementor-element elementor-element-3aa2c54 elementor-widget elementor-widget-spacer\" data-id=\"3aa2c54\" data-element_type=\"widget\" data-widget_type=\"spacer.default\">\n\t\t\t\t<div class=\"elementor-widget-container\">\n\t\t\t\t\t\t\t<div class=\"elementor-spacer\">\n\t\t\t<div class=\"elementor-spacer-inner\"><\/div>\n\t\t<\/div>\n\t\t\t\t\t\t<\/div>\n\t\t\t\t<\/div>\n\t\t\t\t\t<\/div>\n\t\t<\/div>\n\t\t\t\t\t<\/div>\n\t\t<\/section>\n\t\t\t\t<section class=\"elementor-section elementor-top-section elementor-element elementor-element-745613e elementor-section-boxed elementor-section-height-default elementor-section-height-default\" data-id=\"745613e\" data-element_type=\"section\">\n\t\t\t\t\t\t<div class=\"elementor-container elementor-column-gap-default\">\n\t\t\t\t\t<div class=\"elementor-column elementor-col-33 elementor-top-column elementor-element elementor-element-40b4ce1\" data-id=\"40b4ce1\" data-element_type=\"column\">\n\t\t\t<div class=\"elementor-widget-wrap elementor-element-populated\">\n\t\t\t\t\t\t<div class=\"elementor-element elementor-element-ae6114e elementor-widget elementor-widget-image\" data-id=\"ae6114e\" data-element_type=\"widget\" data-widget_type=\"image.default\">\n\t\t\t\t<div class=\"elementor-widget-container\">\n\t\t\t\t\t\t\t\t\t\t\t\t\t\t\t<img fetchpriority=\"high\" decoding=\"async\" width=\"530\" height=\"773\" src=\"https:\/\/acbmotta.com\/wp-content\/uploads\/2025\/10\/Eulalio-Soldado-1.jpg\" class=\"attachment-large size-large wp-image-3281\" alt=\"\" srcset=\"https:\/\/acbmotta.com\/wp-content\/uploads\/2025\/10\/Eulalio-Soldado-1.jpg 530w, https:\/\/acbmotta.com\/wp-content\/uploads\/2025\/10\/Eulalio-Soldado-1-206x300.jpg 206w, https:\/\/acbmotta.com\/wp-content\/uploads\/2025\/10\/Eulalio-Soldado-1-200x292.jpg 200w\" sizes=\"(max-width: 530px) 100vw, 530px\" \/>\t\t\t\t\t\t\t\t\t\t\t\t\t\t\t<\/div>\n\t\t\t\t<\/div>\n\t\t\t\t\t<\/div>\n\t\t<\/div>\n\t\t\t\t<div class=\"elementor-column elementor-col-66 elementor-top-column elementor-element elementor-element-880af69\" data-id=\"880af69\" data-element_type=\"column\">\n\t\t\t<div class=\"elementor-widget-wrap elementor-element-populated\">\n\t\t\t\t\t\t<div class=\"elementor-element elementor-element-3f1fa9d elementor-widget__width-initial elementor-widget elementor-widget-text-editor\" data-id=\"3f1fa9d\" data-element_type=\"widget\" data-widget_type=\"text-editor.default\">\n\t\t\t\t<div class=\"elementor-widget-container\">\n\t\t\t\t\t\t\t\t\t<p style=\"padding-left: 40px;\">O seguinte texto foi retirado da tese <em>Por uma A\u00e7\u00e3o Cat\u00f3lica: hiperedi\u00e7\u00e3o dos rascunhos de cartas de Eul\u00e1lio Motta, no Caderno Farm\u00e1cia S\u00e3o Jos\u00e9<\/em>. Para compreender bem do que se trata a A\u00e7\u00e3o Cat\u00f3lica Brasileira e qual sua rela\u00e7\u00e3o com o movimento pol\u00edtico de A\u00e7\u00e3o Integralista Brasileira, comumente conhecido como Integralismo, \u00e9 necess\u00e1rio apresentar os dois movimentos e contextualizar historicamente. A Igreja Cat\u00f3lica, ap\u00f3s a Proclama\u00e7\u00e3o da Rep\u00fablica, perdeu grande parte de sua influ\u00eancia no Estado, como afirma Magalh\u00e3es (2005), \u201cA proclama\u00e7\u00e3o da Rep\u00fablica em 1889, de inspira\u00e7\u00e3o positivista e ma\u00e7\u00f4nica, fez extinguir o padroado (Magalh\u00e3es, 2005, p. 2)\u201d. O padroado se refere a uma troca de benef\u00edcios, uma concordata, entre o Estado e a Igreja, em que a Santa S\u00e9 conferia aos monarcas o direito de administrar e controlar assuntos eclesi\u00e1sticos, como nomea\u00e7\u00e3o de cl\u00e9rigos e gerir os bens da Igreja, ao passo que o Estado apoiaria a expans\u00e3o da f\u00e9 e das miss\u00f5es religiosas. Pontua-se que o Estado tamb\u00e9m concedia d\u00edzimos arrecadados da Coroa para a sustenta\u00e7\u00e3o da Igreja, constituindo uma esp\u00e9cia de \u2018apadrinhamento\u2019.<\/p>\t\t\t\t\t\t\t\t<\/div>\n\t\t\t\t<\/div>\n\t\t\t\t\t<\/div>\n\t\t<\/div>\n\t\t\t\t\t<\/div>\n\t\t<\/section>\n\t\t\t\t<section class=\"elementor-section elementor-top-section elementor-element elementor-element-168e08b elementor-section-boxed elementor-section-height-default elementor-section-height-default\" data-id=\"168e08b\" data-element_type=\"section\">\n\t\t\t\t\t\t<div class=\"elementor-container elementor-column-gap-default\">\n\t\t\t\t\t<div class=\"elementor-column elementor-col-100 elementor-top-column elementor-element elementor-element-ee22578\" data-id=\"ee22578\" data-element_type=\"column\">\n\t\t\t<div class=\"elementor-widget-wrap elementor-element-populated\">\n\t\t\t\t\t\t<div class=\"elementor-element elementor-element-d2ccb86 elementor-widget elementor-widget-spacer\" data-id=\"d2ccb86\" data-element_type=\"widget\" data-widget_type=\"spacer.default\">\n\t\t\t\t<div class=\"elementor-widget-container\">\n\t\t\t\t\t\t\t<div class=\"elementor-spacer\">\n\t\t\t<div class=\"elementor-spacer-inner\"><\/div>\n\t\t<\/div>\n\t\t\t\t\t\t<\/div>\n\t\t\t\t<\/div>\n\t\t\t\t\t<\/div>\n\t\t<\/div>\n\t\t\t\t\t<\/div>\n\t\t<\/section>\n\t\t\t\t<section class=\"elementor-section elementor-top-section elementor-element elementor-element-9b364a8 elementor-section-stretched elementor-section-boxed elementor-section-height-default elementor-section-height-default\" data-id=\"9b364a8\" data-element_type=\"section\" data-settings=\"{&quot;background_background&quot;:&quot;classic&quot;,&quot;stretch_section&quot;:&quot;section-stretched&quot;}\">\n\t\t\t\t\t\t<div class=\"elementor-container elementor-column-gap-default\">\n\t\t\t\t\t<div class=\"elementor-column elementor-col-100 elementor-top-column elementor-element elementor-element-6b4cd04\" data-id=\"6b4cd04\" data-element_type=\"column\">\n\t\t\t<div class=\"elementor-widget-wrap elementor-element-populated\">\n\t\t\t\t\t\t<div class=\"elementor-element elementor-element-8393506 elementor-widget elementor-widget-spacer\" data-id=\"8393506\" data-element_type=\"widget\" data-widget_type=\"spacer.default\">\n\t\t\t\t<div class=\"elementor-widget-container\">\n\t\t\t\t\t\t\t<div class=\"elementor-spacer\">\n\t\t\t<div class=\"elementor-spacer-inner\"><\/div>\n\t\t<\/div>\n\t\t\t\t\t\t<\/div>\n\t\t\t\t<\/div>\n\t\t\t\t<div class=\"elementor-element elementor-element-a1d719f elementor-widget elementor-widget-text-editor\" data-id=\"a1d719f\" data-element_type=\"widget\" data-widget_type=\"text-editor.default\">\n\t\t\t\t<div class=\"elementor-widget-container\">\n\t\t\t\t\t\t\t\t\t<p>Ap\u00f3s a Proclama\u00e7\u00e3o da Rep\u00fablica e do Decreto de 1890, que dizia que \u201c[&#8230;] nenhum culto ou igreja gozar\u00e1 de subven\u00e7\u00e3o oficial, nem ter\u00e1 rela\u00e7\u00f5es de depend\u00eancia ou alian\u00e7a com o governo da Uni\u00e3o ou dos Estados\u201d, o regime de concordata que era vigente chega ao fim, e, com isso, houve a separa\u00e7\u00e3o do Estado e da Igreja, que, consequentemente, perdeu influ\u00eancia pol\u00edtica e econ\u00f4mica devido \u00e0 autonomia da Igreja laicidade estatal. O Estado, se tornando laico, promoveu uma maior diversidade religiosa, fazendo com que a Igreja Cat\u00f3lica perdesse seu protagonismo absoluto no cen\u00e1rio religioso nacional, deixando a Igreja em desvantagem, e, a partir de ent\u00e3o, passou a se esfor\u00e7ar para melhorar sua imagem e recuperar fi\u00e9is que se espalharam e se dividiram em outras religi\u00f5es, como o protestantismo, por exemplo. \u00c9 importante considerar que a separa\u00e7\u00e3o da Igreja e do Estado, principalmente a laicidade estatal, n\u00e3o foi bem aceita pelo Vaticano, que considerou tal movimenta\u00e7\u00e3o como heresia da modernidade.<\/p>\t\t\t\t\t\t\t\t<\/div>\n\t\t\t\t<\/div>\n\t\t\t\t\t<\/div>\n\t\t<\/div>\n\t\t\t\t\t<\/div>\n\t\t<\/section>\n\t\t\t\t<section class=\"elementor-section elementor-top-section elementor-element elementor-element-0e87788 elementor-section-boxed elementor-section-height-default elementor-section-height-default\" data-id=\"0e87788\" data-element_type=\"section\">\n\t\t\t\t\t\t<div class=\"elementor-container elementor-column-gap-default\">\n\t\t\t\t\t<div class=\"elementor-column elementor-col-100 elementor-top-column elementor-element elementor-element-e334e29\" data-id=\"e334e29\" data-element_type=\"column\">\n\t\t\t<div class=\"elementor-widget-wrap elementor-element-populated\">\n\t\t\t\t\t\t<div class=\"elementor-element elementor-element-355e7e9 elementor-widget elementor-widget-spacer\" data-id=\"355e7e9\" data-element_type=\"widget\" data-widget_type=\"spacer.default\">\n\t\t\t\t<div class=\"elementor-widget-container\">\n\t\t\t\t\t\t\t<div class=\"elementor-spacer\">\n\t\t\t<div class=\"elementor-spacer-inner\"><\/div>\n\t\t<\/div>\n\t\t\t\t\t\t<\/div>\n\t\t\t\t<\/div>\n\t\t\t\t\t<\/div>\n\t\t<\/div>\n\t\t\t\t\t<\/div>\n\t\t<\/section>\n\t\t\t\t<section class=\"elementor-section elementor-top-section elementor-element elementor-element-3a211d2 elementor-section-stretched elementor-section-boxed elementor-section-height-default elementor-section-height-default\" data-id=\"3a211d2\" data-element_type=\"section\" data-settings=\"{&quot;stretch_section&quot;:&quot;section-stretched&quot;}\">\n\t\t\t\t\t\t<div class=\"elementor-container elementor-column-gap-default\">\n\t\t\t\t\t<div class=\"elementor-column elementor-col-100 elementor-top-column elementor-element elementor-element-e998d3c\" data-id=\"e998d3c\" data-element_type=\"column\">\n\t\t\t<div class=\"elementor-widget-wrap elementor-element-populated\">\n\t\t\t\t\t\t<div class=\"elementor-element elementor-element-688bcdd elementor-widget elementor-widget-text-editor\" data-id=\"688bcdd\" data-element_type=\"widget\" data-widget_type=\"text-editor.default\">\n\t\t\t\t<div class=\"elementor-widget-container\">\n\t\t\t\t\t\t\t\t\t<p>A partir do fim do padroado, a Igreja Cat\u00f3lica passou a responder apenas ao Vaticano e a Santa S\u00e9, dependendo financeiramente e, principalmente, se orientando ideologicamente por Roma, que, no per\u00edodo, se voltava contra o socialismo e comunismo. Durante esse per\u00edodo, Magalh\u00e3es (2005) afirma que \u201c[&#8230;] o Brasil passava a receber um contingente consider\u00e1vel de congrega\u00e7\u00f5es religiosas femininas e masculinas europ\u00e9ias, encorajados pela Santa S\u00e9 (Magalh\u00e3es, 2005, p. 2), que significa a entrada de mission\u00e1rios europeus no Brasil, com intuito de aumentar o dom\u00ednio e popularidade cat\u00f3lica entre o povo brasileiro, inclusive nos interiores e nos sert\u00f5es.<\/p>\t\t\t\t\t\t\t\t<\/div>\n\t\t\t\t<\/div>\n\t\t\t\t\t<\/div>\n\t\t<\/div>\n\t\t\t\t\t<\/div>\n\t\t<\/section>\n\t\t\t\t<section class=\"elementor-section elementor-top-section elementor-element elementor-element-d341f39 elementor-section-stretched elementor-section-boxed elementor-section-height-default elementor-section-height-default\" data-id=\"d341f39\" data-element_type=\"section\" data-settings=\"{&quot;background_background&quot;:&quot;classic&quot;,&quot;stretch_section&quot;:&quot;section-stretched&quot;}\">\n\t\t\t\t\t\t<div class=\"elementor-container elementor-column-gap-default\">\n\t\t\t\t\t<div class=\"elementor-column elementor-col-100 elementor-top-column elementor-element elementor-element-ea8548d\" data-id=\"ea8548d\" data-element_type=\"column\">\n\t\t\t<div class=\"elementor-widget-wrap elementor-element-populated\">\n\t\t\t\t\t\t<div class=\"elementor-element elementor-element-8c0e8d2 elementor-widget elementor-widget-spacer\" data-id=\"8c0e8d2\" data-element_type=\"widget\" data-widget_type=\"spacer.default\">\n\t\t\t\t<div class=\"elementor-widget-container\">\n\t\t\t\t\t\t\t<div class=\"elementor-spacer\">\n\t\t\t<div class=\"elementor-spacer-inner\"><\/div>\n\t\t<\/div>\n\t\t\t\t\t\t<\/div>\n\t\t\t\t<\/div>\n\t\t\t\t<div class=\"elementor-element elementor-element-4cfee2d elementor-widget elementor-widget-text-editor\" data-id=\"4cfee2d\" data-element_type=\"widget\" data-widget_type=\"text-editor.default\">\n\t\t\t\t<div class=\"elementor-widget-container\">\n\t\t\t\t\t\t\t\t\t<p>Ao pensar em Roma na primeira metade do s\u00e9culo XX, pensa-se no per\u00edodo pol\u00edtico conturbado que ocorreu ap\u00f3s a primeira guerra mundial, o Fascismo. O movimento liderado por Benito Mussolini foi fundado em 1919, mas seu per\u00edodo oficial contempla de 1920 a 1943, sendo que a morte de Mussolini ocorreu em 1945. O Fascismo Italiano tinha como objetivo criar um Estado forte, centralizado e autorit\u00e1rio, e tinha como ideais o nacionalismo extremado &#8211; na\u00e7\u00e3o acima do indiv\u00edduo; o estado totalit\u00e1rio; o culto \u00e0 personalidade do l\u00edder (Mussolini); anticomunismo e antiliberalismo; corporativismo econ\u00f4mico; militarismo e expans\u00e3o territorial; repress\u00e3o pol\u00edtica e censura; racismo (por alian\u00e7a ao Nazismo, no princ\u00edpio, o Fascismo n\u00e3o tinha base racista).<\/p>\t\t\t\t\t\t\t\t<\/div>\n\t\t\t\t<\/div>\n\t\t\t\t\t<\/div>\n\t\t<\/div>\n\t\t\t\t\t<\/div>\n\t\t<\/section>\n\t\t\t\t<section class=\"elementor-section elementor-top-section elementor-element elementor-element-21a2797 elementor-section-boxed elementor-section-height-default elementor-section-height-default\" data-id=\"21a2797\" data-element_type=\"section\">\n\t\t\t\t\t\t<div class=\"elementor-container elementor-column-gap-default\">\n\t\t\t\t\t<div class=\"elementor-column elementor-col-100 elementor-top-column elementor-element elementor-element-99f307a\" data-id=\"99f307a\" data-element_type=\"column\">\n\t\t\t<div class=\"elementor-widget-wrap elementor-element-populated\">\n\t\t\t\t\t\t<div class=\"elementor-element elementor-element-f6cfff8 elementor-widget elementor-widget-spacer\" data-id=\"f6cfff8\" data-element_type=\"widget\" data-widget_type=\"spacer.default\">\n\t\t\t\t<div class=\"elementor-widget-container\">\n\t\t\t\t\t\t\t<div class=\"elementor-spacer\">\n\t\t\t<div class=\"elementor-spacer-inner\"><\/div>\n\t\t<\/div>\n\t\t\t\t\t\t<\/div>\n\t\t\t\t<\/div>\n\t\t\t\t\t<\/div>\n\t\t<\/div>\n\t\t\t\t\t<\/div>\n\t\t<\/section>\n\t\t\t\t<section class=\"elementor-section elementor-top-section elementor-element elementor-element-f144952 elementor-section-stretched elementor-section-boxed elementor-section-height-default elementor-section-height-default\" data-id=\"f144952\" data-element_type=\"section\" data-settings=\"{&quot;stretch_section&quot;:&quot;section-stretched&quot;}\">\n\t\t\t\t\t\t<div class=\"elementor-container elementor-column-gap-default\">\n\t\t\t\t\t<div class=\"elementor-column elementor-col-100 elementor-top-column elementor-element elementor-element-a390a74\" data-id=\"a390a74\" data-element_type=\"column\">\n\t\t\t<div class=\"elementor-widget-wrap elementor-element-populated\">\n\t\t\t\t\t\t<div class=\"elementor-element elementor-element-04fbade elementor-widget elementor-widget-text-editor\" data-id=\"04fbade\" data-element_type=\"widget\" data-widget_type=\"text-editor.default\">\n\t\t\t\t<div class=\"elementor-widget-container\">\n\t\t\t\t\t\t\t\t\t<p>Apesar de alguns princ\u00edpios b\u00e1sicos aproximarem o Fascismo do Nazismo, como o modelo ditatorial e Estado totalit\u00e1rio, nacionalismo extremo, culto ao l\u00edder, anticomunismo e antiliberalismo, militarismo e uso de propaganda para controle social, o Nazismo se difere um pouco, pois sua forma\u00e7\u00e3o teve base racista e antissemita como ponto primordial; a ideologia principal do Nazismo era com foco na ra\u00e7a e purifica\u00e7\u00e3o \u00e9tnica; enquanto o Fascismo tinha foco em unificar na\u00e7\u00e3o e Estado, s\u00f3 adotou leis raciais em 1938 ap\u00f3s alian\u00e7a com o Nazismo; e, principalmente, para o interesse deste trabalho, a religi\u00e3o Fascista mantinha base na Igreja Cat\u00f3lica, enquanto o Nazismo apresentava uma tend\u00eancia de culto ao F\u00fcher. \u00c9 importante compreender o modelo ideol\u00f3gico\/pol\u00edtico de partes da Europa neste per\u00edodo, principalmente italiano, pois ele se relaciona diretamente com os mission\u00e1rios cat\u00f3licos advindos de Roma e demais localidades europeias (inclusive Alemanha) para o Brasil, com intuito de resgatar fi\u00e9is e marcar o territ\u00f3rio religioso de forma mais efetiva, servindo a agenda cat\u00f3lica do Vaticano (que tamb\u00e9m estava desenvolvendo uma A\u00e7\u00e3o Cat\u00f3lica Italiana, e esta serviu de base para a cria\u00e7\u00e3o da A\u00e7\u00e3o Cat\u00f3lica Brasileira, com forte atua\u00e7\u00e3o por parte de Alceu Amoroso Lima).<\/p>\t\t\t\t\t\t\t\t<\/div>\n\t\t\t\t<\/div>\n\t\t\t\t\t<\/div>\n\t\t<\/div>\n\t\t\t\t\t<\/div>\n\t\t<\/section>\n\t\t\t\t<section class=\"elementor-section elementor-top-section elementor-element elementor-element-05a23fd elementor-section-stretched elementor-section-boxed elementor-section-height-default elementor-section-height-default\" data-id=\"05a23fd\" data-element_type=\"section\" data-settings=\"{&quot;background_background&quot;:&quot;classic&quot;,&quot;stretch_section&quot;:&quot;section-stretched&quot;}\">\n\t\t\t\t\t\t<div class=\"elementor-container elementor-column-gap-default\">\n\t\t\t\t\t<div class=\"elementor-column elementor-col-66 elementor-top-column elementor-element elementor-element-de17ef3\" data-id=\"de17ef3\" data-element_type=\"column\">\n\t\t\t<div class=\"elementor-widget-wrap elementor-element-populated\">\n\t\t\t\t\t\t<div class=\"elementor-element elementor-element-55b0f59 elementor-widget elementor-widget-spacer\" data-id=\"55b0f59\" data-element_type=\"widget\" data-widget_type=\"spacer.default\">\n\t\t\t\t<div class=\"elementor-widget-container\">\n\t\t\t\t\t\t\t<div class=\"elementor-spacer\">\n\t\t\t<div class=\"elementor-spacer-inner\"><\/div>\n\t\t<\/div>\n\t\t\t\t\t\t<\/div>\n\t\t\t\t<\/div>\n\t\t\t\t<div class=\"elementor-element elementor-element-d61cfe1 elementor-widget elementor-widget-text-editor\" data-id=\"d61cfe1\" data-element_type=\"widget\" data-widget_type=\"text-editor.default\">\n\t\t\t\t<div class=\"elementor-widget-container\">\n\t\t\t\t\t\t\t\t\t<p>O presbiterianismo chegou \u00e0 Bahia em 1971 e Jatob\u00e1 (2011) afirma que a tradi\u00e7\u00e3o oral na cidade de Campo Formoso aponta para uma rea\u00e7\u00e3o nada amistosa da Igreja Cat\u00f3lica (que era associada ao Partido Integralista) perante o crescimento protestante na regi\u00e3o, contudo, n\u00e3o impediu que a Igreja Presbiteriana de Campo Formoso tomasse propor\u00e7\u00f5es t\u00e3o grandes a ponto de se tornar a sede do presb\u00edtero Bahia-Sergipe, tendo, como reverendos duas figuras importantes: Reverendo Bas\u00edlio Catal\u00e1 Castro e Reverendo Eudaldo Lima.<\/p>\t\t\t\t\t\t\t\t<\/div>\n\t\t\t\t<\/div>\n\t\t\t\t\t<\/div>\n\t\t<\/div>\n\t\t\t\t<div class=\"elementor-column elementor-col-33 elementor-top-column elementor-element elementor-element-f87f1ac\" data-id=\"f87f1ac\" data-element_type=\"column\">\n\t\t\t<div class=\"elementor-widget-wrap elementor-element-populated\">\n\t\t\t\t\t\t<div class=\"elementor-element elementor-element-c212821 elementor-widget elementor-widget-image\" data-id=\"c212821\" data-element_type=\"widget\" data-widget_type=\"image.default\">\n\t\t\t\t<div class=\"elementor-widget-container\">\n\t\t\t\t\t\t\t\t\t\t\t\t\t\t\t<img decoding=\"async\" width=\"843\" height=\"494\" src=\"https:\/\/acbmotta.com\/wp-content\/uploads\/2023\/08\/IMG_6745-1-scaled-e1693359983890-1024x600.jpg\" class=\"attachment-large size-large wp-image-451\" alt=\"\" srcset=\"https:\/\/acbmotta.com\/wp-content\/uploads\/2023\/08\/IMG_6745-1-scaled-e1693359983890-1024x600.jpg 1024w, https:\/\/acbmotta.com\/wp-content\/uploads\/2023\/08\/IMG_6745-1-scaled-e1693359983890-300x176.jpg 300w, https:\/\/acbmotta.com\/wp-content\/uploads\/2023\/08\/IMG_6745-1-scaled-e1693359983890-768x450.jpg 768w, https:\/\/acbmotta.com\/wp-content\/uploads\/2023\/08\/IMG_6745-1-scaled-e1693359983890-1536x901.jpg 1536w, https:\/\/acbmotta.com\/wp-content\/uploads\/2023\/08\/IMG_6745-1-scaled-e1693359983890-2048x1201.jpg 2048w\" sizes=\"(max-width: 843px) 100vw, 843px\" \/>\t\t\t\t\t\t\t\t\t\t\t\t\t\t\t<\/div>\n\t\t\t\t<\/div>\n\t\t\t\t\t<\/div>\n\t\t<\/div>\n\t\t\t\t\t<\/div>\n\t\t<\/section>\n\t\t\t\t<section class=\"elementor-section elementor-top-section elementor-element elementor-element-2bf31d6 elementor-section-boxed elementor-section-height-default elementor-section-height-default\" data-id=\"2bf31d6\" data-element_type=\"section\">\n\t\t\t\t\t\t<div class=\"elementor-container elementor-column-gap-default\">\n\t\t\t\t\t<div class=\"elementor-column elementor-col-100 elementor-top-column elementor-element elementor-element-e7a2bea\" data-id=\"e7a2bea\" data-element_type=\"column\">\n\t\t\t<div class=\"elementor-widget-wrap elementor-element-populated\">\n\t\t\t\t\t\t<div class=\"elementor-element elementor-element-205e4c2 elementor-widget elementor-widget-spacer\" data-id=\"205e4c2\" data-element_type=\"widget\" data-widget_type=\"spacer.default\">\n\t\t\t\t<div class=\"elementor-widget-container\">\n\t\t\t\t\t\t\t<div class=\"elementor-spacer\">\n\t\t\t<div class=\"elementor-spacer-inner\"><\/div>\n\t\t<\/div>\n\t\t\t\t\t\t<\/div>\n\t\t\t\t<\/div>\n\t\t\t\t\t<\/div>\n\t\t<\/div>\n\t\t\t\t\t<\/div>\n\t\t<\/section>\n\t\t\t\t<section class=\"elementor-section elementor-top-section elementor-element elementor-element-6993b49 elementor-section-stretched elementor-section-boxed elementor-section-height-default elementor-section-height-default\" data-id=\"6993b49\" data-element_type=\"section\" data-settings=\"{&quot;stretch_section&quot;:&quot;section-stretched&quot;}\">\n\t\t\t\t\t\t<div class=\"elementor-container elementor-column-gap-default\">\n\t\t\t\t\t<div class=\"elementor-column elementor-col-100 elementor-top-column elementor-element elementor-element-706c847\" data-id=\"706c847\" data-element_type=\"column\">\n\t\t\t<div class=\"elementor-widget-wrap elementor-element-populated\">\n\t\t\t\t\t\t<div class=\"elementor-element elementor-element-85ac3d2 elementor-widget elementor-widget-text-editor\" data-id=\"85ac3d2\" data-element_type=\"widget\" data-widget_type=\"text-editor.default\">\n\t\t\t\t<div class=\"elementor-widget-container\">\n\t\t\t\t\t\t\t\t\t<p>Quando o Estado Novo, que compreende os anos 1937 a 1945, foi instaurado, o Partido Integralista Brasileiro era ilegal, juntamente com todos ou outros partidos pol\u00edticos, devido decreto do regente Get\u00falio Vargas. Pontua-se que a correspond\u00eancia editada nesta hiperedi\u00e7\u00e3o entre Eul\u00e1lio Motta e Eudaldo Lima ocorreu entre 22\/08\/1941 e &#8211;\/03\/1942, per\u00edodo este em que o integralismo ainda se encontrava ilegal. Compreendendo o <em>zeitgeist<\/em> (se refere ao conjunto de ideias, cren\u00e7as, valores e tend\u00eancias culturais que definem uma \u00e9poca espec\u00edfica) do final da d\u00e9cada de 1930 e da primeira metade da d\u00e9cada de 1940, acredita-se que Eul\u00e1lio Motta n\u00e3o mencionava o integralismo nas cr\u00f4nicas de sua A\u00e7\u00e3o Cat\u00f3lica, cujo os rascunhos se encontram no caderno <em>Farm\u00e1cia S\u00e3o Jos\u00e9<\/em> &#8211; que seriam publicadas &#8211; por receio de ser incriminado ou perseguido. Contudo, a pr\u00f3pria escrita e publica\u00e7\u00e3o dessas cr\u00f4nicas j\u00e1 cumpria a agenda integralista, uma vez que a Igreja Cat\u00f3lica e o Integralismo serviam ao mesmo interesse. Assim, quanto mais fi\u00e9is Motta conseguisse para a Igreja Cat\u00f3lica (ou conseguisse manter no catolicismo), mais potenciais apoiadores do Integralismo ele angariaria.<\/p>\t\t\t\t\t\t\t\t<\/div>\n\t\t\t\t<\/div>\n\t\t\t\t\t<\/div>\n\t\t<\/div>\n\t\t\t\t\t<\/div>\n\t\t<\/section>\n\t\t\t\t<section class=\"elementor-section elementor-top-section elementor-element elementor-element-05b88ac elementor-section-boxed elementor-section-height-default elementor-section-height-default\" data-id=\"05b88ac\" data-element_type=\"section\">\n\t\t\t\t\t\t<div class=\"elementor-container elementor-column-gap-default\">\n\t\t\t\t\t<div class=\"elementor-column elementor-col-100 elementor-top-column elementor-element elementor-element-2fb3661\" data-id=\"2fb3661\" data-element_type=\"column\">\n\t\t\t<div class=\"elementor-widget-wrap elementor-element-populated\">\n\t\t\t\t\t\t<div class=\"elementor-element elementor-element-e1c8f79 elementor-align-right elementor-widget elementor-widget-button\" data-id=\"e1c8f79\" data-element_type=\"widget\" data-widget_type=\"button.default\">\n\t\t\t\t<div class=\"elementor-widget-container\">\n\t\t\t\t\t\t\t\t\t<div class=\"elementor-button-wrapper\">\n\t\t\t\t\t<a class=\"elementor-button elementor-button-link elementor-size-sm\" href=\"https:\/\/acbmotta.com\/index.php\/videoteca\/\">\n\t\t\t\t\t\t<span class=\"elementor-button-content-wrapper\">\n\t\t\t\t\t\t\t\t\t<span class=\"elementor-button-text\">Ver mais v\u00eddeos<\/span>\n\t\t\t\t\t<\/span>\n\t\t\t\t\t<\/a>\n\t\t\t\t<\/div>\n\t\t\t\t\t\t\t\t<\/div>\n\t\t\t\t<\/div>\n\t\t\t\t\t<\/div>\n\t\t<\/div>\n\t\t\t\t\t<\/div>\n\t\t<\/section>\n\t\t\t\t<section class=\"elementor-section elementor-top-section elementor-element elementor-element-66dd051 elementor-section-boxed elementor-section-height-default elementor-section-height-default\" data-id=\"66dd051\" data-element_type=\"section\">\n\t\t\t\t\t\t<div class=\"elementor-container elementor-column-gap-default\">\n\t\t\t\t\t<div class=\"elementor-column elementor-col-33 elementor-top-column elementor-element elementor-element-29689ee\" data-id=\"29689ee\" data-element_type=\"column\">\n\t\t\t<div class=\"elementor-widget-wrap elementor-element-populated\">\n\t\t\t\t\t\t<div class=\"elementor-element elementor-element-4c95db6 elementor-widget elementor-widget-video\" data-id=\"4c95db6\" data-element_type=\"widget\" data-settings=\"{&quot;youtube_url&quot;:&quot;https:\\\/\\\/www.youtube.com\\\/watch?v=P8tqy1olcic&quot;,&quot;video_type&quot;:&quot;youtube&quot;,&quot;controls&quot;:&quot;yes&quot;}\" data-widget_type=\"video.default\">\n\t\t\t\t<div class=\"elementor-widget-container\">\n\t\t\t\t\t\t\t<div class=\"elementor-wrapper elementor-open-inline\">\n\t\t\t<div class=\"elementor-video\"><\/div>\t\t<\/div>\n\t\t\t\t\t\t<\/div>\n\t\t\t\t<\/div>\n\t\t\t\t\t<\/div>\n\t\t<\/div>\n\t\t\t\t<div class=\"elementor-column elementor-col-33 elementor-top-column elementor-element elementor-element-8d60d5c\" data-id=\"8d60d5c\" data-element_type=\"column\">\n\t\t\t<div class=\"elementor-widget-wrap elementor-element-populated\">\n\t\t\t\t\t\t<div class=\"elementor-element elementor-element-3e812af elementor-widget elementor-widget-video\" data-id=\"3e812af\" data-element_type=\"widget\" data-settings=\"{&quot;youtube_url&quot;:&quot;https:\\\/\\\/www.youtube.com\\\/watch?v=9g7lgroT7f0&quot;,&quot;video_type&quot;:&quot;youtube&quot;,&quot;controls&quot;:&quot;yes&quot;}\" data-widget_type=\"video.default\">\n\t\t\t\t<div class=\"elementor-widget-container\">\n\t\t\t\t\t\t\t<div class=\"elementor-wrapper elementor-open-inline\">\n\t\t\t<div class=\"elementor-video\"><\/div>\t\t<\/div>\n\t\t\t\t\t\t<\/div>\n\t\t\t\t<\/div>\n\t\t\t\t\t<\/div>\n\t\t<\/div>\n\t\t\t\t<div class=\"elementor-column elementor-col-33 elementor-top-column elementor-element elementor-element-7940018\" data-id=\"7940018\" data-element_type=\"column\">\n\t\t\t<div class=\"elementor-widget-wrap elementor-element-populated\">\n\t\t\t\t\t\t<div class=\"elementor-element elementor-element-419b921 elementor-widget elementor-widget-video\" data-id=\"419b921\" data-element_type=\"widget\" data-settings=\"{&quot;youtube_url&quot;:&quot;https:\\\/\\\/www.youtube.com\\\/watch?v=BZSXBQnw53Y&quot;,&quot;video_type&quot;:&quot;youtube&quot;,&quot;controls&quot;:&quot;yes&quot;}\" data-widget_type=\"video.default\">\n\t\t\t\t<div class=\"elementor-widget-container\">\n\t\t\t\t\t\t\t<div class=\"elementor-wrapper elementor-open-inline\">\n\t\t\t<div class=\"elementor-video\"><\/div>\t\t<\/div>\n\t\t\t\t\t\t<\/div>\n\t\t\t\t<\/div>\n\t\t\t\t\t<\/div>\n\t\t<\/div>\n\t\t\t\t\t<\/div>\n\t\t<\/section>\n\t\t\t\t<section class=\"elementor-section elementor-top-section elementor-element elementor-element-91c5e28 elementor-section-boxed elementor-section-height-default elementor-section-height-default\" data-id=\"91c5e28\" data-element_type=\"section\">\n\t\t\t\t\t\t<div class=\"elementor-container elementor-column-gap-default\">\n\t\t\t\t\t<div class=\"elementor-column elementor-col-100 elementor-top-column elementor-element elementor-element-b4b6531\" data-id=\"b4b6531\" data-element_type=\"column\">\n\t\t\t<div class=\"elementor-widget-wrap elementor-element-populated\">\n\t\t\t\t\t\t<div class=\"elementor-element elementor-element-9e1f9d7 elementor-widget elementor-widget-spacer\" data-id=\"9e1f9d7\" data-element_type=\"widget\" data-widget_type=\"spacer.default\">\n\t\t\t\t<div class=\"elementor-widget-container\">\n\t\t\t\t\t\t\t<div class=\"elementor-spacer\">\n\t\t\t<div class=\"elementor-spacer-inner\"><\/div>\n\t\t<\/div>\n\t\t\t\t\t\t<\/div>\n\t\t\t\t<\/div>\n\t\t\t\t\t<\/div>\n\t\t<\/div>\n\t\t\t\t\t<\/div>\n\t\t<\/section>\n\t\t\t\t<section class=\"elementor-section elementor-top-section elementor-element elementor-element-c2d68f6 elementor-section-stretched elementor-section-boxed elementor-section-height-default elementor-section-height-default\" data-id=\"c2d68f6\" data-element_type=\"section\" data-settings=\"{&quot;stretch_section&quot;:&quot;section-stretched&quot;,&quot;background_background&quot;:&quot;classic&quot;}\">\n\t\t\t\t\t\t<div class=\"elementor-container elementor-column-gap-default\">\n\t\t\t\t\t<div class=\"elementor-column elementor-col-100 elementor-top-column elementor-element elementor-element-7b580e9\" data-id=\"7b580e9\" data-element_type=\"column\">\n\t\t\t<div class=\"elementor-widget-wrap elementor-element-populated\">\n\t\t\t\t\t\t<div class=\"elementor-element elementor-element-4ae08de elementor-widget elementor-widget-spacer\" data-id=\"4ae08de\" data-element_type=\"widget\" data-widget_type=\"spacer.default\">\n\t\t\t\t<div class=\"elementor-widget-container\">\n\t\t\t\t\t\t\t<div class=\"elementor-spacer\">\n\t\t\t<div class=\"elementor-spacer-inner\"><\/div>\n\t\t<\/div>\n\t\t\t\t\t\t<\/div>\n\t\t\t\t<\/div>\n\t\t\t\t<div class=\"elementor-element elementor-element-7142e5b elementor-widget elementor-widget-text-editor\" data-id=\"7142e5b\" data-element_type=\"widget\" data-widget_type=\"text-editor.default\">\n\t\t\t\t<div class=\"elementor-widget-container\">\n\t\t\t\t\t\t\t\t\t<p style=\"font-size: 18px; background-color: #f8f8f8;\"><span style=\"font-weight: bolder;\">REFER\u00caNCIAS<\/span><\/p><p style=\"font-size: 18px; background-color: #f8f8f8;\">CALIL, Gilberto. Os integralistas frente ao Estado Novo: euforia, decep\u00e7\u00e3o e subordina\u00e7\u00e3o.\u00a0<span style=\"font-weight: bolder;\">Locus<\/span>: revista de hist\u00f3ria, Juiz de Fora, v. 30, n.1 p. 65-86, 20, 2010.<\/p><p style=\"font-size: 18px; background-color: #f8f8f8;\">Decreto n\u00ba. 510 de 22 de junho e n\u00ba. 914-A de 23 de outubro de 1890, \u00a7 7<\/p><p style=\"font-size: 18px; background-color: #f8f8f8;\">FERREIRA, Leandro da Silva.\u00a0<span style=\"font-weight: bolder;\">O Sigma e a Cruz<\/span>: um Estudo Sobre a rela\u00e7\u00e3o do Integralismo com A Igreja Cat\u00f3lica. S\u00e3o Paulo 2021 Trabalho de Conclus\u00e3o do Curso apresentado ao Instituto Federal de S\u00e3o Paulo, 2021.<\/p><p style=\"font-size: 18px; background-color: #f8f8f8;\">JATOB\u00c1, Tiago F.\u00a0<span style=\"font-weight: bolder;\">O vento da mudan\u00e7a sobre o Morro dos Alecrins<\/span>: rea\u00e7\u00e3o cat\u00f3lica \u00e0 instala\u00e7\u00e3o dos presbiterianos em Campo Formoso \u2013 Bahia, primeira metade do s\u00e9culo. 2011. Trabalho de Conclus\u00e3o de Curso (Licenciatura em Hist\u00f3ria) \u2013 Universidade do Estado da Bahia (UNEB), Jacobina, 2011.<\/p><p style=\"font-size: 18px; background-color: #f8f8f8;\">LIMA, Eudaldo.\u00a0<span style=\"font-weight: bolder;\">Raz\u00f5es de Minha Religi\u00e3o<\/span>: Por que sou evang\u00e9lico e n\u00e3o romanista. Casa Publicadora Norte Evang\u00e9lico Garanhuns, Campo Formoso, Bahia, 1944.<\/p><p style=\"font-size: 18px; background-color: #f8f8f8;\">MAGALH\u00c3ES, Gilc\u00e9ia Freitas. A\u00e7\u00e3o Cat\u00f3lica, a\u00e7\u00e3o pol\u00edtica: as influ\u00eancias do grupo cat\u00f3lico durante o Estado Novo. UFOP ANPUH \u2013\u00a0<span style=\"font-weight: bolder;\">XXIII Simp\u00f3sio Nacional de Hist\u00f3ria<\/span>\u00a0\u2013 Londrina, 2005.<\/p><p style=\"font-size: 18px; background-color: #f8f8f8;\">MARTINS, H\u00e9lio L. A implanta\u00e7\u00e3o do Estado Novo e a Revolta Integralista.\u00a0<span style=\"font-weight: bolder;\">Revista do IGHMB<\/span>\u00a0\u2013ANO 72\/73\u2013n\u00ba 100\/101\u20132013\/2014.<\/p><p style=\"font-size: 18px; background-color: #f8f8f8;\">SANTIAGO, Stephanne C.\u00a0<a style=\"transition-property: all;\" href=\"http:\/\/tede2.uefs.br:8080\/handle\/tede\/1385\"><span style=\"font-weight: bolder;\">Meu caro Eudaldo: edi\u00e7\u00e3o dos rascunhos de cartas do caderno\u00a0<em>Farm\u00e1cia S\u00e3o Jos\u00e9<\/em>, de Eul\u00e1lio Motta<\/span><\/a>. 2021. Disserta\u00e7\u00e3o (Mestrado em Estudos Lingu\u00edsticos) \u2013 Universidade Estadual de Feira de Santana, Feira de Santana, 2021.<\/p><p style=\"font-size: 18px; background-color: #f8f8f8;\">SANTIAGO, Stephanne C.\u00a0<span style=\"font-weight: bolder;\">Por uma A\u00e7\u00e3o Cat\u00f3lica<\/span>: hiperedi\u00e7\u00e3o dos rascunhos de cartas de Eul\u00e1lio Motta, no Caderno Farm\u00e1cia S\u00e3o Jos\u00e9. 2025. Tese (Doutorado em Estudos Lingu\u00edsticos) \u2013 Universidade Estadual de Feira de Santana, Feira de Santana, 2025.<\/p>\t\t\t\t\t\t\t\t<\/div>\n\t\t\t\t<\/div>\n\t\t\t\t\t<\/div>\n\t\t<\/div>\n\t\t\t\t\t<\/div>\n\t\t<\/section>\n\t\t\t\t<\/div>\n\t\t\n    <div class=\"xs_social_share_widget xs_share_url after_content \t\tmain_content  wslu-style-1 wslu-share-box-shaped wslu-fill-colored wslu-none wslu-share-horizontal wslu-theme-font-no wslu-main_content\">\n\n\t\t\n        <ul>\n\t\t\t        <\/ul>\n    <\/div> \n","protected":false},"excerpt":{"rendered":"<p>A\u00e7\u00e3o Cat\u00f3lica Brasileira e A\u00e7\u00e3o Integralista Brasileira O seguinte texto foi retirado da tese Por uma A\u00e7\u00e3o Cat\u00f3lica: hiperedi\u00e7\u00e3o dos rascunhos de cartas de Eul\u00e1lio&hellip;<\/p>\n","protected":false},"author":1,"featured_media":0,"parent":0,"menu_order":0,"comment_status":"closed","ping_status":"closed","template":"","meta":{"postBodyCss":"","postBodyMargin":[],"postBodyPadding":[],"postBodyBackground":{"backgroundType":"classic","gradient":""},"footnotes":""},"class_list":["post-31","page","type-page","status-publish","hentry"],"_links":{"self":[{"href":"https:\/\/acbmotta.com\/index.php\/wp-json\/wp\/v2\/pages\/31","targetHints":{"allow":["GET"]}}],"collection":[{"href":"https:\/\/acbmotta.com\/index.php\/wp-json\/wp\/v2\/pages"}],"about":[{"href":"https:\/\/acbmotta.com\/index.php\/wp-json\/wp\/v2\/types\/page"}],"author":[{"embeddable":true,"href":"https:\/\/acbmotta.com\/index.php\/wp-json\/wp\/v2\/users\/1"}],"replies":[{"embeddable":true,"href":"https:\/\/acbmotta.com\/index.php\/wp-json\/wp\/v2\/comments?post=31"}],"version-history":[{"count":57,"href":"https:\/\/acbmotta.com\/index.php\/wp-json\/wp\/v2\/pages\/31\/revisions"}],"predecessor-version":[{"id":4469,"href":"https:\/\/acbmotta.com\/index.php\/wp-json\/wp\/v2\/pages\/31\/revisions\/4469"}],"wp:attachment":[{"href":"https:\/\/acbmotta.com\/index.php\/wp-json\/wp\/v2\/media?parent=31"}],"curies":[{"name":"wp","href":"https:\/\/api.w.org\/{rel}","templated":true}]}}